{"id":2730,"date":"2017-09-22T08:52:57","date_gmt":"2017-09-22T08:52:57","guid":{"rendered":"http:\/\/localhost\/vitradoc\/prevencion-riesgos-laborales\/"},"modified":"2021-05-26T12:10:06","modified_gmt":"2021-05-26T10:10:06","slug":"prevencio-de-riscos-laborals","status":"publish","type":"page","link":"https:\/\/vitradoc.com\/ca\/prevencio-de-riscos-laborals\/","title":{"rendered":"Prevenci\u00f3 de riscos laborals"},"content":{"rendered":"<div id=\"pl-2730\"  class=\"panel-layout\" ><div id=\"pg-2730-0\"  class=\"panel-grid panel-has-style\" ><div style=\"padding: 75px 0; \" data-overlay=\"true\" data-overlay-color=\"#000000\" class=\"panel-row-style panel-row-style-for-2730-0\" ><div id=\"pgc-2730-0-0\"  class=\"panel-grid-cell\" ><div id=\"panel-2730-0-0-0\" class=\"so-panel widget widget_sow-image panel-first-child panel-last-child\" data-index=\"0\" ><div class=\"ICONO-APARTAT panel-widget-style panel-widget-style-for-2730-0-0-0\" style=\"text-align: left;\" data-title-color=\"#47425d\" data-headings-color=\"#443f3f\" data-title_alignment=\"center\" ><div\n\t\t\t\n\t\t\tclass=\"so-widget-sow-image so-widget-sow-image-default-c67d20f9f743-2730\"\n\t\t\t\n\t\t>\n<div class=\"sow-image-container\">\n\t\t<img \n\tsrc=\"https:\/\/vitradoc.com\/wp-content\/uploads\/2020\/01\/Prevencion-de-riesgos-laborales-PRL.png\" width=\"299\" height=\"299\" srcset=\"https:\/\/vitradoc.com\/wp-content\/uploads\/2020\/01\/Prevencion-de-riesgos-laborales-PRL.png 299w, https:\/\/vitradoc.com\/wp-content\/uploads\/2020\/01\/Prevencion-de-riesgos-laborales-PRL-150x150.png 150w, https:\/\/vitradoc.com\/wp-content\/uploads\/2020\/01\/Prevencion-de-riesgos-laborales-PRL-230x230.png 230w\" sizes=\"(max-width: 299px) 100vw, 299px\" title=\"Prevenci\u00f3 de riscos laborals PRL\" alt=\"Prevenci\u00f3 de riscos laborals PRL\" \t\tclass=\"so-widget-image\"\/>\n\t<\/div>\n\n<\/div><\/div><\/div><\/div><div id=\"pgc-2730-0-1\"  class=\"panel-grid-cell\" ><div id=\"panel-2730-0-1-0\" class=\"so-panel widget widget_sow-editor panel-first-child panel-last-child\" data-index=\"1\" ><div style=\"text-align: left;\" data-title-color=\"#47425d\" data-headings-color=\"#443f3f\" data-title_alignment=\"center\" class=\"panel-widget-style panel-widget-style-for-2730-0-1-0\" ><div\n\t\t\t\n\t\t\tclass=\"so-widget-sow-editor so-widget-sow-editor-base\"\n\t\t\t\n\t\t>\n<div class=\"siteorigin-widget-tinymce textwidget\">\n\t<h1 style=\"text-align: left;\">PREVENCI\u00d3 DE RISCOS LABORALS<\/h1>\n<hr align=\"left\" \/>\n<p style=\"text-align: justify;\">La prevenci\u00f3 de riscos laborals (PRL) \u00e9s la disciplina que promou la seguretat i salut dels treballadors mitjan\u00e7ant la identificaci\u00f3, avaluaci\u00f3 i control dels riscos associats al seu entorn laboral, a m\u00e9s de fomentar el desenvolupament de les activitats i mesures necess\u00e0ries per prevenir els riscos derivats de la feina.<\/p>\n<\/div>\n<\/div><\/div><\/div><\/div><\/div><\/div><div id=\"pg-2730-1\"  class=\"panel-grid panel-has-style\" ><div class=\"BG-COLOR-VERD-FOSC siteorigin-panels-stretch panel-row-style panel-row-style-for-2730-1\" style=\"padding: 80px 0; \" data-stretch-type=\"full\" data-overlay-color=\"#000000\" ><div id=\"pgc-2730-1-0\"  class=\"panel-grid-cell\" ><div id=\"panel-2730-1-0-0\" class=\"so-panel widget widget_siteorigin-panels-builder panel-first-child panel-last-child\" data-index=\"2\" ><div style=\"text-align: left;\" data-title-color=\"#47425d\" data-headings-color=\"#443f3f\" data-title_alignment=\"center\" class=\"panel-widget-style panel-widget-style-for-2730-1-0-0\" ><div id=\"pl-w60ae1e7e753dc\"  class=\"panel-layout\" ><div id=\"pg-w60ae1e7e753dc-0\"  class=\"panel-grid panel-has-style\" ><div style=\"padding: 0px 0; \" data-overlay=\"true\" data-overlay-color=\"#000000\" class=\"panel-row-style panel-row-style-for-w60ae1e7e753dc-0\" ><div id=\"pgc-w60ae1e7e753dc-0-0\"  class=\"panel-grid-cell\" ><div id=\"panel-w60ae1e7e753dc-0-0-0\" class=\"so-panel widget widget_sow-editor panel-first-child panel-last-child\" data-index=\"0\" ><div class=\"TEXT-BLANC panel-widget-style panel-widget-style-for-w60ae1e7e753dc-0-0-0\" style=\"text-align: left;\" data-title-color=\"#47425d\" data-headings-color=\"#443f3f\" data-title_alignment=\"center\" ><div\n\t\t\t\n\t\t\tclass=\"so-widget-sow-editor so-widget-sow-editor-base\"\n\t\t\t\n\t\t>\n<div class=\"siteorigin-widget-tinymce textwidget\">\n\t<h2 style=\"text-align: center;\">LLEI DE PREVENCI\u00d3 DE RISCOS LABORALS<\/h2>\n<\/div>\n<\/div><\/div><\/div><\/div><\/div><\/div><div id=\"pg-w60ae1e7e753dc-1\"  class=\"panel-grid panel-has-style\" ><div style=\"padding: 0px 0; \" data-overlay=\"true\" data-overlay-color=\"#000000\" class=\"panel-row-style panel-row-style-for-w60ae1e7e753dc-1\" ><div id=\"pgc-w60ae1e7e753dc-1-0\"  class=\"panel-grid-cell\" ><div id=\"panel-w60ae1e7e753dc-1-0-0\" class=\"so-panel widget widget_sow-editor panel-first-child panel-last-child\" data-index=\"1\" ><div class=\"TEXT-BLANC panel-widget-style panel-widget-style-for-w60ae1e7e753dc-1-0-0\" style=\"text-align: left;\" data-title-color=\"#47425d\" data-headings-color=\"#443f3f\" data-title_alignment=\"center\" ><div\n\t\t\t\n\t\t\tclass=\"so-widget-sow-editor so-widget-sow-editor-base\"\n\t\t\t\n\t\t>\n<div class=\"siteorigin-widget-tinymce textwidget\">\n\t<p style=\"text-align: justify;\">La legislaci\u00f3 es basa en el dret dels treballadors a una feina en condicions de seguretat i salut, el que suposa el deure de l'empresari per aconseguir aquesta protecci\u00f3. Tot aix\u00f2 est\u00e0 establert en la Llei de prevenci\u00f3 de riscos laborals o LPRL (<a href=\"https:\/\/www.boe.es\/buscar\/act.php?id=BOE-A-1995-24292\" target=\"_blank\" rel=\"noopener\">Llei 31\/1995<\/a>).<\/p>\n<p style=\"text-align: justify;\">La protecci\u00f3 del treballador davant els riscos laborals exigeix una actuaci\u00f3 en l'empresa que va m\u00e9s enll\u00e0 de mer compliment formal d'un conjunt predeterminat de deures i obligacions empresarials i, m\u00e9s encara, de la simple correcci\u00f3 a posteriori de situacions de risc. Tenir un pl\u00e0 i unes mesures de prevenci\u00f3 forma part de les obligacions de les empreses.<\/p>\n<\/div>\n<\/div><\/div><\/div><\/div><div id=\"pgc-w60ae1e7e753dc-1-1\"  class=\"panel-grid-cell\" ><div class=\"BG-COLOR-BLANC panel-cell-style panel-cell-style-for-w60ae1e7e753dc-1-1\" ><div id=\"panel-w60ae1e7e753dc-1-1-0\" class=\"so-panel widget widget_sow-editor panel-first-child panel-last-child\" data-index=\"2\" ><div class=\"TEXT-RECUADRE panel-widget-style panel-widget-style-for-w60ae1e7e753dc-1-1-0\" style=\"text-align: left;\" data-title-color=\"#47425d\" data-headings-color=\"#443f3f\" data-title_alignment=\"center\" ><div\n\t\t\t\n\t\t\tclass=\"so-widget-sow-editor so-widget-sow-editor-base\"\n\t\t\t\n\t\t>\n<div class=\"siteorigin-widget-tinymce textwidget\">\n\t<h3 class=\"TEXT-DESTACAT COLOR-VERD-CLAR\" style=\"text-align: center;\">Riscos laborals<\/h3>\n<p style=\"text-align: justify;\">Els riscos laborals s\u00f3n les possibilitats que un treballador pateixi una malaltia o un accident vinculat al seu treball. Entre els riscos laborals estan les malalties professionals i els accidents laborals. Per garantir que els treballadors estiguin en les condicions \u00f2ptimes per a evitar qualsevol tipus de risc, les empreses es regeixen segons la Llei de Prevenci\u00f3 de riscos laborals.<\/p>\n<\/div>\n<\/div><\/div><\/div><\/div><\/div><\/div><\/div><div id=\"pg-w60ae1e7e753dc-2\"  class=\"panel-grid panel-has-style\" ><div style=\"padding: 0px 0; \" data-overlay=\"true\" data-overlay-color=\"#000000\" class=\"panel-row-style panel-row-style-for-w60ae1e7e753dc-2\" ><div id=\"pgc-w60ae1e7e753dc-2-0\"  class=\"panel-grid-cell\" ><div id=\"panel-w60ae1e7e753dc-2-0-0\" class=\"so-panel widget widget_sow-editor panel-first-child panel-last-child\" data-index=\"3\" ><div style=\"text-align: left;\" data-title-color=\"#47425d\" data-headings-color=\"#443f3f\" data-title_alignment=\"center\" class=\"panel-widget-style panel-widget-style-for-w60ae1e7e753dc-2-0-0\" ><div\n\t\t\t\n\t\t\tclass=\"so-widget-sow-editor so-widget-sow-editor-base\"\n\t\t\t\n\t\t>\n<div class=\"siteorigin-widget-tinymce textwidget\">\n\t<h3 class=\"COLOR-VERD-CLAR\">Pl\u00e0 de prevenci\u00f3 de riscos laborals<\/h3>\n<p class=\"TEXT-BLANC\" style=\"text-align: justify;\">L'enfocament de la LPRL t\u00e9 uns elements b\u00e0sics amb l'objectiu de minimitzar els riscos laborals des del punt 0 d'una empresa:<\/p>\n<ul class=\"TEXT-BLANC\" style=\"padding-left: 60px; padding-right: 60px;\">\n<li style=\"text-align: justify; padding-bottom: 10px;\"><strong>Planificaci\u00f3 de la prevenci\u00f3 des del moment del disseny del projecte empresarial.<\/strong><\/li>\n<li style=\"text-align: justify; padding-bottom: 10px;\"><strong>Avaluaci\u00f3 inicial dels riscos inherents a la feina i la seva actualitzaci\u00f3 peri\u00f2dica.<\/strong><\/li>\n<li style=\"text-align: justify; padding-bottom: 10px;\"><strong>Ordenaci\u00f3 d'un conjunt de mesures d'acci\u00f3 preventiva per als riscos detectats.<\/strong><\/li>\n<li style=\"text-align: justify;\"><strong>Control de l'efectivitat de les mesures preventives.<\/strong><\/li>\n<\/ul>\n<p class=\"TEXT-BLANC\" style=\"text-align: justify;\">Dins el pla de prevenci\u00f3 de riscos laborals destaca la formaci\u00f3 dels treballadors sobre el coneixement de l'abast real dels riscos derivats de la feina, la forma de prevenir i la forma d'evitar. La formaci\u00f3 \u00e9s espec\u00edfica segons les peculiaritats de cada centre de treball, les caracter\u00edstiques de les persones que desenvolupen la prestaci\u00f3 laboral i l'activitat concreta que es realitza.<\/p>\n<\/div>\n<\/div><\/div><\/div><\/div><div id=\"pgc-w60ae1e7e753dc-2-1\"  class=\"panel-grid-cell\" ><div id=\"panel-w60ae1e7e753dc-2-1-0\" class=\"so-panel widget widget_sow-editor panel-first-child\" data-index=\"4\" ><div style=\"text-align: left;\" data-title-color=\"#47425d\" data-headings-color=\"#443f3f\" data-title_alignment=\"center\" class=\"panel-widget-style panel-widget-style-for-w60ae1e7e753dc-2-1-0\" ><div\n\t\t\t\n\t\t\tclass=\"so-widget-sow-editor so-widget-sow-editor-base\"\n\t\t\t\n\t\t>\n<div class=\"siteorigin-widget-tinymce textwidget\">\n\t<h3 class=\"COLOR-VERD-CLAR\">Mesures de prevenci\u00f3<\/h3>\n<p class=\"TEXT-BLANC\" style=\"text-align: justify;\">La prevenci\u00f3 de riscos laborals avalua els riscos de cada sector, cada empresa i cada tipus de treball, tractant de fixar les mesures per minimitzar o evitar els accidents i malalties professionals. En alguns casos s'actua sobre l'empresa (mesures de prevenci\u00f3 col\u00b7lectives) i en altres, sobre el treballador (mesures i equips de prevenci\u00f3 individuals).<\/p>\n<p class=\"TEXT-BLANC\" style=\"text-align: justify;\">Per la seva banda, correspon a cada treballador vetllar, mitjan\u00e7ant el compliment de les mesures de prevenci\u00f3 adoptades, per la seva pr\u00f2pia seguretat i salut en el treball i per la d'aquelles altres persones a les quals pugui afectar la seva activitat professional.<\/p>\n<\/div>\n<\/div><\/div><\/div><div id=\"panel-w60ae1e7e753dc-2-1-1\" class=\"so-panel widget widget_sow-image panel-last-child\" data-index=\"5\" ><div style=\"text-align: left;\" data-title-color=\"#47425d\" data-headings-color=\"#443f3f\" data-title_alignment=\"center\" class=\"panel-widget-style panel-widget-style-for-w60ae1e7e753dc-2-1-1\" ><div\n\t\t\t\n\t\t\tclass=\"so-widget-sow-image so-widget-sow-image-default-8b5b6f678277\"\n\t\t\t\n\t\t>\n<div class=\"sow-image-container\">\n\t\t<img \n\tsrc=\"https:\/\/vitradoc.com\/wp-content\/uploads\/2020\/02\/ley-prevencion-riesgos-laborales-LPRL.jpg\" width=\"734\" height=\"317\" srcset=\"https:\/\/vitradoc.com\/wp-content\/uploads\/2020\/02\/ley-prevencion-riesgos-laborales-LPRL.jpg 734w, https:\/\/vitradoc.com\/wp-content\/uploads\/2020\/02\/ley-prevencion-riesgos-laborales-LPRL-300x130.jpg 300w, https:\/\/vitradoc.com\/wp-content\/uploads\/2020\/02\/ley-prevencion-riesgos-laborales-LPRL-230x99.jpg 230w, https:\/\/vitradoc.com\/wp-content\/uploads\/2020\/02\/ley-prevencion-riesgos-laborales-LPRL-350x151.jpg 350w, https:\/\/vitradoc.com\/wp-content\/uploads\/2020\/02\/ley-prevencion-riesgos-laborales-LPRL-480x207.jpg 480w\" sizes=\"(max-width: 734px) 100vw, 734px\" title=\"llei de prevenci\u00f3 de riscos laborals LPRL\" alt=\"llei de prevenci\u00f3 de riscos laborals LPRL\" \t\tclass=\"so-widget-image\"\/>\n\t<\/div>\n\n<\/div><\/div><\/div><\/div><\/div><\/div><\/div><\/div><\/div><\/div><\/div><\/div><div id=\"pg-2730-2\"  class=\"panel-grid panel-has-style\" ><div style=\"padding: 0px 0; \" data-overlay=\"true\" data-overlay-color=\"#000000\" class=\"panel-row-style panel-row-style-for-2730-2\" ><div id=\"pgc-2730-2-0\"  class=\"panel-grid-cell\" ><div id=\"panel-2730-2-0-0\" class=\"so-panel widget widget_sow-editor panel-first-child panel-last-child\" data-index=\"3\" ><div style=\"text-align: left;\" data-title-color=\"#47425d\" data-headings-color=\"#443f3f\" data-title_alignment=\"center\" class=\"panel-widget-style panel-widget-style-for-2730-2-0-0\" ><div\n\t\t\t\n\t\t\tclass=\"so-widget-sow-editor so-widget-sow-editor-base\"\n\t\t\t\n\t\t>\n<div class=\"siteorigin-widget-tinymce textwidget\">\n\t<h2 style=\"padding-bottom: 40px; text-align: center;\"><span class=\"COLOR-VERD-CLAR\">OBJECTIU PRL:<\/span> UN ENTORN PROFESSIONAL SALUDABLE<\/h2>\n<p style=\"text-align: justify;\">Si es realitza una adequada gesti\u00f3 de la prevenci\u00f3 de riscos laborals, les organitzacions i els treballadors s'anticiparan als riscos i seran capa\u00e7os de minimitzar les baixes, accidents i malalties laborals.<\/p>\n<\/div>\n<\/div><\/div><\/div><\/div><div id=\"pgc-2730-2-1\"  class=\"panel-grid-cell panel-grid-cell-empty\" ><\/div><div id=\"pgc-2730-2-2\"  class=\"panel-grid-cell\" ><div id=\"panel-2730-2-2-0\" class=\"so-panel widget widget_sow-image panel-first-child panel-last-child\" data-index=\"4\" ><div style=\"text-align: left;\" data-title-color=\"#47425d\" data-headings-color=\"#443f3f\" data-title_alignment=\"center\" class=\"panel-widget-style panel-widget-style-for-2730-2-2-0\" ><div\n\t\t\t\n\t\t\tclass=\"so-widget-sow-image so-widget-sow-image-default-8b5b6f678277-2730\"\n\t\t\t\n\t\t>\n<div class=\"sow-image-container\">\n\t\t<img \n\tsrc=\"https:\/\/vitradoc.com\/wp-content\/uploads\/2020\/01\/objetivos-PRL-vitradoc.jpg\" width=\"356\" height=\"356\" srcset=\"https:\/\/vitradoc.com\/wp-content\/uploads\/2020\/01\/objetivos-PRL-vitradoc.jpg 356w, https:\/\/vitradoc.com\/wp-content\/uploads\/2020\/01\/objetivos-PRL-vitradoc-300x300.jpg 300w, https:\/\/vitradoc.com\/wp-content\/uploads\/2020\/01\/objetivos-PRL-vitradoc-150x150.jpg 150w, https:\/\/vitradoc.com\/wp-content\/uploads\/2020\/01\/objetivos-PRL-vitradoc-230x230.jpg 230w, https:\/\/vitradoc.com\/wp-content\/uploads\/2020\/01\/objetivos-PRL-vitradoc-350x350.jpg 350w\" sizes=\"(max-width: 356px) 100vw, 356px\" title=\"objectius PRL de Vitradoc\" alt=\"objectius PRL de Vitradoc\" \t\tclass=\"so-widget-image\"\/>\n\t<\/div>\n\n<\/div><\/div><\/div><\/div><div id=\"pgc-2730-2-3\"  class=\"panel-grid-cell panel-grid-cell-empty\" ><\/div><div id=\"pgc-2730-2-4\"  class=\"panel-grid-cell\" ><div id=\"panel-2730-2-4-0\" class=\"so-panel widget widget_sow-editor panel-first-child panel-last-child\" data-index=\"5\" ><div style=\"text-align: left;\" data-title-color=\"#47425d\" data-headings-color=\"#443f3f\" data-title_alignment=\"center\" class=\"panel-widget-style panel-widget-style-for-2730-2-4-0\" ><div\n\t\t\t\n\t\t\tclass=\"so-widget-sow-editor so-widget-sow-editor-base\"\n\t\t\t\n\t\t>\n<div class=\"siteorigin-widget-tinymce textwidget\">\n\t<h2 style=\"padding-bottom: 40px; text-align: center;\"><span class=\"COLOR-VERD-CLAR\">OBJECTIU VITRADOC:<\/span> AGILITAT DOCUMENTAL I COMPLIMENT PRL<\/h2>\n<p style=\"text-align: justify;\">L'elecci\u00f3 de VITRAdoc fa del nostre treball diari una tasca m\u00e9s f\u00e0cil, r\u00e0pida i segura, ajudant a complir amb les obligacions de la LPRL.<\/p>\n<\/div>\n<\/div><\/div><\/div><\/div><\/div><\/div><\/div>","protected":false},"excerpt":{"rendered":"<p>PREVENCI\u00d3 DE RISCOS LABORALS La prevenci\u00f3 de riscos laborals (PRL) \u00e9s la disciplina que promou la seguretat i salut dels treballadors mitjan\u00e7ant la identificaci\u00f3, avaluaci\u00f3 i control dels riscos associats al seu entorn laboral, a m\u00e9s de fomentar el desenvolupament de les activitats i mesures necess\u00e0ries per prevenir els riscos derivats de la feina.<\/p>\n","protected":false},"author":1,"featured_media":5175,"parent":0,"menu_order":0,"comment_status":"closed","ping_status":"closed","template":"page-templates\/page_fullwidth.php","meta":{"_monsterinsights_skip_tracking":false,"_monsterinsights_sitenote_active":false,"_monsterinsights_sitenote_note":"","_monsterinsights_sitenote_category":0,"footnotes":""},"class_list":["post-2730","page","type-page","status-publish","has-post-thumbnail","hentry"],"yoast_head":"<!-- This site is optimized with the Yoast SEO plugin v27.0 - https:\/\/yoast.com\/product\/yoast-seo-wordpress\/ -->\n<title>Prevenci\u00f3 de riscos laborals &#8211; VITRAdoc<\/title>\n<meta name=\"description\" content=\"Programa de gesti\u00f3 documental fruit de l&#039;experi\u00e8ncia laboral assessorant pimes, aut\u00f2noms i en la llei de prevenci\u00f3 de riscos laborals - PRL.\" \/>\n<meta name=\"robots\" content=\"index, follow, max-snippet:-1, max-image-preview:large, max-video-preview:-1\" \/>\n<link rel=\"canonical\" href=\"https:\/\/vitradoc.com\/ca\/prevencio-de-riscos-laborals\/\" \/>\n<meta property=\"og:locale\" content=\"ca_ES\" \/>\n<meta property=\"og:type\" content=\"article\" \/>\n<meta property=\"og:title\" content=\"Prevenci\u00f3 de riscos laborals &#8211; VITRAdoc\" \/>\n<meta property=\"og:description\" content=\"Programa de gesti\u00f3 documental fruit de l&#039;experi\u00e8ncia laboral assessorant pimes, aut\u00f2noms i en la llei de prevenci\u00f3 de riscos laborals - PRL.\" \/>\n<meta property=\"og:url\" content=\"https:\/\/vitradoc.com\/ca\/prevencio-de-riscos-laborals\/\" \/>\n<meta property=\"og:site_name\" content=\"VITRAdoc\" \/>\n<meta property=\"article:publisher\" content=\"https:\/\/www.facebook.com\/vitradoc\/\" \/>\n<meta property=\"article:modified_time\" content=\"2021-05-26T10:10:06+00:00\" \/>\n<meta property=\"og:image\" content=\"https:\/\/vitradoc.com\/wp-content\/uploads\/2020\/01\/Prevencion-de-riesgos-laborales-PRL.png\" \/>\n\t<meta property=\"og:image:width\" content=\"299\" \/>\n\t<meta property=\"og:image:height\" content=\"299\" \/>\n\t<meta property=\"og:image:type\" content=\"image\/png\" \/>\n<meta name=\"twitter:card\" content=\"summary_large_image\" \/>\n<meta name=\"twitter:site\" content=\"@vitradoc\" \/>\n<meta name=\"twitter:label1\" content=\"Est. reading time\" \/>\n\t<meta name=\"twitter:data1\" content=\"3 minutes\" \/>\n<script type=\"application\/ld+json\" class=\"yoast-schema-graph\">{\"@context\":\"https:\/\/schema.org\",\"@graph\":[{\"@type\":\"WebPage\",\"@id\":\"https:\/\/vitradoc.com\/ca\/prevencio-de-riscos-laborals\/\",\"url\":\"https:\/\/vitradoc.com\/ca\/prevencio-de-riscos-laborals\/\",\"name\":\"Prevenci\u00f3 de riscos laborals &#8211; VITRAdoc\",\"isPartOf\":{\"@id\":\"https:\/\/vitradoc.com\/ca\/#website\"},\"primaryImageOfPage\":{\"@id\":\"https:\/\/vitradoc.com\/ca\/prevencio-de-riscos-laborals\/#primaryimage\"},\"image\":{\"@id\":\"https:\/\/vitradoc.com\/ca\/prevencio-de-riscos-laborals\/#primaryimage\"},\"thumbnailUrl\":\"https:\/\/vitradoc.com\/wp-content\/uploads\/2020\/01\/Prevencion-de-riesgos-laborales-PRL.png\",\"datePublished\":\"2017-09-22T08:52:57+00:00\",\"dateModified\":\"2021-05-26T10:10:06+00:00\",\"description\":\"Programa de gesti\u00f3 documental fruit de l'experi\u00e8ncia laboral assessorant pimes, aut\u00f2noms i en la llei de prevenci\u00f3 de riscos laborals - PRL.\",\"breadcrumb\":{\"@id\":\"https:\/\/vitradoc.com\/ca\/prevencio-de-riscos-laborals\/#breadcrumb\"},\"inLanguage\":\"ca-ES\",\"potentialAction\":[{\"@type\":\"ReadAction\",\"target\":[\"https:\/\/vitradoc.com\/ca\/prevencio-de-riscos-laborals\/\"]}]},{\"@type\":\"ImageObject\",\"inLanguage\":\"ca-ES\",\"@id\":\"https:\/\/vitradoc.com\/ca\/prevencio-de-riscos-laborals\/#primaryimage\",\"url\":\"https:\/\/vitradoc.com\/wp-content\/uploads\/2020\/01\/Prevencion-de-riesgos-laborales-PRL.png\",\"contentUrl\":\"https:\/\/vitradoc.com\/wp-content\/uploads\/2020\/01\/Prevencion-de-riesgos-laborales-PRL.png\",\"width\":299,\"height\":299,\"caption\":\"Prevenci\u00f3 de riscos laborals PRL\"},{\"@type\":\"BreadcrumbList\",\"@id\":\"https:\/\/vitradoc.com\/ca\/prevencio-de-riscos-laborals\/#breadcrumb\",\"itemListElement\":[{\"@type\":\"ListItem\",\"position\":1,\"name\":\"Home\",\"item\":\"https:\/\/vitradoc.com\/ca\/\"},{\"@type\":\"ListItem\",\"position\":2,\"name\":\"Prevenci\u00f3 de riscos laborals\"}]},{\"@type\":\"WebSite\",\"@id\":\"https:\/\/vitradoc.com\/ca\/#website\",\"url\":\"https:\/\/vitradoc.com\/ca\/\",\"name\":\"VITRAdoc\",\"description\":\"Gestor Documental\",\"publisher\":{\"@id\":\"https:\/\/vitradoc.com\/ca\/#organization\"},\"potentialAction\":[{\"@type\":\"SearchAction\",\"target\":{\"@type\":\"EntryPoint\",\"urlTemplate\":\"https:\/\/vitradoc.com\/ca\/?s={search_term_string}\"},\"query-input\":{\"@type\":\"PropertyValueSpecification\",\"valueRequired\":true,\"valueName\":\"search_term_string\"}}],\"inLanguage\":\"ca-ES\"},{\"@type\":\"Organization\",\"@id\":\"https:\/\/vitradoc.com\/ca\/#organization\",\"name\":\"VITRADOC\",\"url\":\"https:\/\/vitradoc.com\/ca\/\",\"logo\":{\"@type\":\"ImageObject\",\"inLanguage\":\"ca-ES\",\"@id\":\"https:\/\/vitradoc.com\/ca\/#\/schema\/logo\/image\/\",\"url\":\"https:\/\/vitradoc.com\/wp-content\/uploads\/2023\/09\/vitradoc2023.png\",\"contentUrl\":\"https:\/\/vitradoc.com\/wp-content\/uploads\/2023\/09\/vitradoc2023.png\",\"width\":4016,\"height\":1772,\"caption\":\"VITRADOC\"},\"image\":{\"@id\":\"https:\/\/vitradoc.com\/ca\/#\/schema\/logo\/image\/\"},\"sameAs\":[\"https:\/\/www.facebook.com\/vitradoc\/\",\"https:\/\/x.com\/vitradoc\",\"https:\/\/www.instagram.com\/vitradoc_\/\",\"https:\/\/www.linkedin.com\/showcase\/vitradoc\/\",\"https:\/\/www.youtube.com\/channel\/UCh8P4U3xRNm7xbif9PdEXBw\"]}]}<\/script>\n<!-- \/ Yoast SEO plugin. -->","yoast_head_json":{"title":"Prevenci\u00f3 de riscos laborals &#8211; VITRAdoc","description":"Programa de gesti\u00f3 documental fruit de l'experi\u00e8ncia laboral assessorant pimes, aut\u00f2noms i en la llei de prevenci\u00f3 de riscos laborals - PRL.","robots":{"index":"index","follow":"follow","max-snippet":"max-snippet:-1","max-image-preview":"max-image-preview:large","max-video-preview":"max-video-preview:-1"},"canonical":"https:\/\/vitradoc.com\/ca\/prevencio-de-riscos-laborals\/","og_locale":"ca_ES","og_type":"article","og_title":"Prevenci\u00f3 de riscos laborals &#8211; VITRAdoc","og_description":"Programa de gesti\u00f3 documental fruit de l'experi\u00e8ncia laboral assessorant pimes, aut\u00f2noms i en la llei de prevenci\u00f3 de riscos laborals - PRL.","og_url":"https:\/\/vitradoc.com\/ca\/prevencio-de-riscos-laborals\/","og_site_name":"VITRAdoc","article_publisher":"https:\/\/www.facebook.com\/vitradoc\/","article_modified_time":"2021-05-26T10:10:06+00:00","og_image":[{"width":299,"height":299,"url":"https:\/\/vitradoc.com\/wp-content\/uploads\/2020\/01\/Prevencion-de-riesgos-laborales-PRL.png","type":"image\/png"}],"twitter_card":"summary_large_image","twitter_site":"@vitradoc","twitter_misc":{"Est. reading time":"3 minutes"},"schema":{"@context":"https:\/\/schema.org","@graph":[{"@type":"WebPage","@id":"https:\/\/vitradoc.com\/ca\/prevencio-de-riscos-laborals\/","url":"https:\/\/vitradoc.com\/ca\/prevencio-de-riscos-laborals\/","name":"Prevenci\u00f3 de riscos laborals &#8211; VITRAdoc","isPartOf":{"@id":"https:\/\/vitradoc.com\/ca\/#website"},"primaryImageOfPage":{"@id":"https:\/\/vitradoc.com\/ca\/prevencio-de-riscos-laborals\/#primaryimage"},"image":{"@id":"https:\/\/vitradoc.com\/ca\/prevencio-de-riscos-laborals\/#primaryimage"},"thumbnailUrl":"https:\/\/vitradoc.com\/wp-content\/uploads\/2020\/01\/Prevencion-de-riesgos-laborales-PRL.png","datePublished":"2017-09-22T08:52:57+00:00","dateModified":"2021-05-26T10:10:06+00:00","description":"Programa de gesti\u00f3 documental fruit de l'experi\u00e8ncia laboral assessorant pimes, aut\u00f2noms i en la llei de prevenci\u00f3 de riscos laborals - PRL.","breadcrumb":{"@id":"https:\/\/vitradoc.com\/ca\/prevencio-de-riscos-laborals\/#breadcrumb"},"inLanguage":"ca-ES","potentialAction":[{"@type":"ReadAction","target":["https:\/\/vitradoc.com\/ca\/prevencio-de-riscos-laborals\/"]}]},{"@type":"ImageObject","inLanguage":"ca-ES","@id":"https:\/\/vitradoc.com\/ca\/prevencio-de-riscos-laborals\/#primaryimage","url":"https:\/\/vitradoc.com\/wp-content\/uploads\/2020\/01\/Prevencion-de-riesgos-laborales-PRL.png","contentUrl":"https:\/\/vitradoc.com\/wp-content\/uploads\/2020\/01\/Prevencion-de-riesgos-laborales-PRL.png","width":299,"height":299,"caption":"Prevenci\u00f3 de riscos laborals PRL"},{"@type":"BreadcrumbList","@id":"https:\/\/vitradoc.com\/ca\/prevencio-de-riscos-laborals\/#breadcrumb","itemListElement":[{"@type":"ListItem","position":1,"name":"Home","item":"https:\/\/vitradoc.com\/ca\/"},{"@type":"ListItem","position":2,"name":"Prevenci\u00f3 de riscos laborals"}]},{"@type":"WebSite","@id":"https:\/\/vitradoc.com\/ca\/#website","url":"https:\/\/vitradoc.com\/ca\/","name":"VITRAdoc","description":"Gestor Documental","publisher":{"@id":"https:\/\/vitradoc.com\/ca\/#organization"},"potentialAction":[{"@type":"SearchAction","target":{"@type":"EntryPoint","urlTemplate":"https:\/\/vitradoc.com\/ca\/?s={search_term_string}"},"query-input":{"@type":"PropertyValueSpecification","valueRequired":true,"valueName":"search_term_string"}}],"inLanguage":"ca-ES"},{"@type":"Organization","@id":"https:\/\/vitradoc.com\/ca\/#organization","name":"VITRADOC","url":"https:\/\/vitradoc.com\/ca\/","logo":{"@type":"ImageObject","inLanguage":"ca-ES","@id":"https:\/\/vitradoc.com\/ca\/#\/schema\/logo\/image\/","url":"https:\/\/vitradoc.com\/wp-content\/uploads\/2023\/09\/vitradoc2023.png","contentUrl":"https:\/\/vitradoc.com\/wp-content\/uploads\/2023\/09\/vitradoc2023.png","width":4016,"height":1772,"caption":"VITRADOC"},"image":{"@id":"https:\/\/vitradoc.com\/ca\/#\/schema\/logo\/image\/"},"sameAs":["https:\/\/www.facebook.com\/vitradoc\/","https:\/\/x.com\/vitradoc","https:\/\/www.instagram.com\/vitradoc_\/","https:\/\/www.linkedin.com\/showcase\/vitradoc\/","https:\/\/www.youtube.com\/channel\/UCh8P4U3xRNm7xbif9PdEXBw"]}]}},"_links":{"self":[{"href":"https:\/\/vitradoc.com\/ca\/wp-json\/wp\/v2\/pages\/2730","targetHints":{"allow":["GET"]}}],"collection":[{"href":"https:\/\/vitradoc.com\/ca\/wp-json\/wp\/v2\/pages"}],"about":[{"href":"https:\/\/vitradoc.com\/ca\/wp-json\/wp\/v2\/types\/page"}],"author":[{"embeddable":true,"href":"https:\/\/vitradoc.com\/ca\/wp-json\/wp\/v2\/users\/1"}],"replies":[{"embeddable":true,"href":"https:\/\/vitradoc.com\/ca\/wp-json\/wp\/v2\/comments?post=2730"}],"version-history":[{"count":0,"href":"https:\/\/vitradoc.com\/ca\/wp-json\/wp\/v2\/pages\/2730\/revisions"}],"wp:featuredmedia":[{"embeddable":true,"href":"https:\/\/vitradoc.com\/ca\/wp-json\/wp\/v2\/media\/5175"}],"wp:attachment":[{"href":"https:\/\/vitradoc.com\/ca\/wp-json\/wp\/v2\/media?parent=2730"}],"curies":[{"name":"wp","href":"https:\/\/api.w.org\/{rel}","templated":true}]}}